{"id":641,"date":"2021-01-07T18:35:38","date_gmt":"2021-01-07T17:35:38","guid":{"rendered":"https:\/\/altaircl.com\/?page_id=641"},"modified":"2021-04-16T09:40:31","modified_gmt":"2021-04-16T07:40:31","slug":"blog","status":"publish","type":"page","link":"https:\/\/altaircl.com\/en\/blog\/","title":{"rendered":"Blog"},"content":{"rendered":"<div  class=\"tatsu-HkWnxIsHcN tatsu-section  tatsu-parallax tatsu-bg-overlay   tatsu-clearfix\" data-title=\"\"  data-headerscheme=\"background--dark\"><div class='tatsu-section-pad clearfix' data-padding='{\"d\":\"30px 30px 30px 30px\"}' data-padding-top='30px'><div class=\"tatsu-row-wrap  tatsu-wrap tatsu-row-one-col tatsu-row-has-one-cols tatsu-medium-gutter tatsu-reg-cols  tatsu-clearfix tatsu-rJx1h8ir9N\" ><div  class=\"tatsu-row \" ><div  class=\"tatsu-column  tatsu-column-no-bg tatsu-one-col tatsu-column-image-none tatsu-column-effect-none  tatsu-S1y3LsB5N\"  data-parallax-speed=\"0\" style=\"\"><div class=\"tatsu-column-inner \" ><div class=\"tatsu-column-pad-wrap\"><div class=\"tatsu-column-pad\" ><div  class=\"tatsu-module tatsu-text-block-wrap tatsu-gf0kugo94237iwpm  \"><div class=\"tatsu-text-inner tatsu-align-center  clearfix\" ><style>.tatsu-gf0kugo94237iwpm.tatsu-text-block-wrap .tatsu-text-inner{width: 100%;text-align: left;background-color: rgba(255,255,255,0);}<\/style>\n<h2 style=\"text-align: center;\"><span style=\"font-size: 24pt; color: #445a96;\">Blog<\/span><\/h2>\n<\/div><\/div><\/div><\/div><div class = \"tatsu-column-bg-image-wrap\"><div class = \"tatsu-column-bg-image\" ><\/div><\/div><\/div><style>.tatsu-row > .tatsu-S1y3LsB5N.tatsu-column{width: 100%;}.tatsu-S1y3LsB5N.tatsu-column > .tatsu-column-inner > .tatsu-column-overlay{mix-blend-mode: none;}.tatsu-S1y3LsB5N > .tatsu-column-inner > .tatsu-top-divider{z-index: 9999;}.tatsu-S1y3LsB5N > .tatsu-column-inner > .tatsu-bottom-divider{z-index: 9999;}.tatsu-S1y3LsB5N > .tatsu-column-inner > .tatsu-left-divider{z-index: 9999;}.tatsu-S1y3LsB5N > .tatsu-column-inner > .tatsu-right-divider{z-index: 9999;}@media only screen and (max-width:1377px) {.tatsu-row > .tatsu-S1y3LsB5N.tatsu-column{width: 100%;}}@media only screen and (min-width:768px) and (max-width: 1024px) {.tatsu-row > .tatsu-S1y3LsB5N.tatsu-column{width: 100%;}}@media only screen and (max-width: 767px) {.tatsu-row > .tatsu-S1y3LsB5N.tatsu-column{width: 100%;}}<\/style><\/div><\/div><\/div><div class=\"tatsu-row-wrap  tatsu-row-full-width tatsu-row-has-two-cols tatsu-medium-gutter tatsu-reg-cols  tatsu-clearfix tatsu-Hyl3l8jHcN\" ><div  class=\"tatsu-row \" ><div  class=\"tatsu-column  tatsu-column-no-bg tatsu-three-fourth tatsu-column-image-none tatsu-column-effect-none  tatsu-B1Rpvir5V\"  data-parallax-speed=\"0\" style=\"\"><div class=\"tatsu-column-inner \" ><div class=\"tatsu-column-pad-wrap\"><div class=\"tatsu-column-pad\" ><div  class=\"portfolio-all-wrap  tatsu-HJZDy6I8u tatsu-module\"  ><div class=\"portfolio full-screen full-screen-gutter style1-gutter three-col \" data-gutter-width=\"40\" style=\"margin-right: 40px;\" data-col=\"three\"   ><div class=\"style3-blog portfolio-container clickable clearfix\">\t\n<article id=\"post-835\" class=\"element not-wide blog-post clearfix post-835 post type-post status-publish format-standard has-post-thumbnail hentry tag-canal-de-suez-en element not-wide\" style=\"margin-bottom: 40px !important;\">\n\t<div class=\"element-inner\" style=\"margin-left:40px\">\n\t\t<div class=\"post-content-wrap\">\n\t\t\t<div class=\"post-thumb\">\t\n\t<div class=\"\">        \t\n\t\t<a href=\"https:\/\/altaircl.com\/en\/el-megabuque-ever-given-colapsa-el-canal-de-suez\/\" class=\" thumb-wrap\">\n\t\t\t<img width=\"1160\" height=\"700\" src=\"https:\/\/altaircl.com\/wp-content\/uploads\/2021\/03\/ever-given-mega-buque-encallado-canal-de-suez-1160x700.jpg\" class=\"attachment-blog-image size-blog-image wp-post-image\" alt=\"ever given el carguero atravesado en el canal de suez\" loading=\"lazy\" \/>\t\t\t<div class=\"thumb-overlay\">\n\t\t\t\t<div class=\"thumb-bg\">\n\t\t\t\t\t<div class=\"thumb-title fadeIn animated\">\n\t\t\t\t\t\t<i class=\"portfolio-ovelay-icon\"><\/i>\n\t\t\t\t\t<\/div>\n\t\t\t\t<\/div>\n\t\t\t<\/div>\n\t\t<\/a>\n\t<\/div>\t\t\t\n<\/div>\n\t\t\t<div class=\"article-details clearfix\">\n\t\t\t\t<header class=\"post-header clearfix\">\n\t\t\t\t\t<h2 class=\"post-title\"><a href=\"https:\/\/altaircl.com\/en\/el-megabuque-ever-given-colapsa-el-canal-de-suez\/\">El megabuque Ever Given colapsa el Canal de Suez<\/a><\/h2>\t\t\t\t<\/header>\n\t\t\t\t\t\t\t\t\t<div class=\"post-top-details clearfix\"><nav class=\"post-nav meta-font secondary_text\">\n\t<ul class=\"clearfix\">\n\t\t<li class=\"post-meta post-comments\">\n\t\t\t<a href=\"https:\/\/altaircl.com\/en\/el-megabuque-ever-given-colapsa-el-canal-de-suez\/#respond\">0  comments<\/a><span class=\"post-meta-sep\">\/<\/span>\n\t\t<\/li>\n\t\t<li class=\"post-meta\">24 March, 2021<\/li>\n\t<\/ul>\n<\/nav><\/div>\n\t\t\t\t\t<div class=\"post-details clearfix\">\n\t\t\t\t\t\t<div class=\"post-content clearfix\">\n\t\t\t\t\t\t\t<p>El buque portacontenedores MV Ever Given, uno de los mayores buques de carga del mundo, se encuentra encallado y atravesado, colapsando el tr\u00e1nsito del Canal de Suez desde el martes [&hellip;]<\/p>\n<p><a href=\"https:\/\/altaircl.com\/en\/el-megabuque-ever-given-colapsa-el-canal-de-suez\/\" class=\"more-link style1-button\">Read More<\/a><\/p>\t\t\t\t\t\t<\/div>\n\t\t\t\t\t<\/div>\n\t\t\t\t\t\t\t\t<div class=\"post-bottom-details clearfix\"><nav class=\"post-nav meta-font secondary_text\">\n\t<ul class=\"clearfix\">\t\n\t\t<li class=\"post-meta post-category\">Under :<\/li>\n\t<\/ul>\n<\/nav><\/div>\n\t\t\t<\/div>\n\t\t\t<div class=\"clearfix\"><\/div>\n\t\t<\/div>\n\t<\/div>\n<\/article>\n\t\n<article id=\"post-769\" class=\"element not-wide blog-post clearfix post-769 post type-post status-publish format-standard has-post-thumbnail hentry tag-aduanas-en tag-canarias-en tag-igic-en element not-wide\" style=\"margin-bottom: 40px !important;\">\n\t<div class=\"element-inner\" style=\"margin-left:40px\">\n\t\t<div class=\"post-content-wrap\">\n\t\t\t<div class=\"post-thumb\">\t\n\t<div class=\"\">        \t\n\t\t<a href=\"https:\/\/altaircl.com\/en\/modificacion-igic-2021\/\" class=\" thumb-wrap\">\n\t\t\t<img width=\"1160\" height=\"700\" src=\"https:\/\/altaircl.com\/wp-content\/uploads\/2021\/03\/modificacion-igic-canarias-1160x700.jpg\" class=\"attachment-blog-image size-blog-image wp-post-image\" alt=\"entrada en vigor modificacion igic ley 7\" loading=\"lazy\" srcset=\"https:\/\/altaircl.com\/wp-content\/uploads\/2021\/03\/modificacion-igic-canarias-1160x700.jpg 1160w, https:\/\/altaircl.com\/wp-content\/uploads\/2021\/03\/modificacion-igic-canarias-85x50.jpg 85w, https:\/\/altaircl.com\/wp-content\/uploads\/2021\/03\/modificacion-igic-canarias-50x29.jpg 50w\" sizes=\"(max-width: 1160px) 100vw, 1160px\" \/>\t\t\t<div class=\"thumb-overlay\">\n\t\t\t\t<div class=\"thumb-bg\">\n\t\t\t\t\t<div class=\"thumb-title fadeIn animated\">\n\t\t\t\t\t\t<i class=\"portfolio-ovelay-icon\"><\/i>\n\t\t\t\t\t<\/div>\n\t\t\t\t<\/div>\n\t\t\t<\/div>\n\t\t<\/a>\n\t<\/div>\t\t\t\n<\/div>\n\t\t\t<div class=\"article-details clearfix\">\n\t\t\t\t<header class=\"post-header clearfix\">\n\t\t\t\t\t<h2 class=\"post-title\"><a href=\"https:\/\/altaircl.com\/en\/modificacion-igic-2021\/\">Modificaci\u00f3n IGIC 2021<\/a><\/h2>\t\t\t\t<\/header>\n\t\t\t\t\t\t\t\t\t<div class=\"post-top-details clearfix\"><nav class=\"post-nav meta-font secondary_text\">\n\t<ul class=\"clearfix\">\n\t\t<li class=\"post-meta post-comments\">\n\t\t\t<a href=\"https:\/\/altaircl.com\/en\/modificacion-igic-2021\/#respond\">0  comments<\/a><span class=\"post-meta-sep\">\/<\/span>\n\t\t<\/li>\n\t\t<li class=\"post-meta\">9 March, 2021<\/li>\n\t<\/ul>\n<\/nav><\/div>\n\t\t\t\t\t<div class=\"post-details clearfix\">\n\t\t\t\t\t\t<div class=\"post-content clearfix\">\n\t\t\t\t\t\t\t<p>Estimados clientes: En el Bolet\u00edn Oficial de Canarias del pasado 31 de diciembre se public\u00f3 la Ley 7\/2020, de 29 de diciembre, de Presupuestos Generales de la Comunidad Aut\u00f3noma de [&hellip;]<\/p>\n<p><a href=\"https:\/\/altaircl.com\/en\/modificacion-igic-2021\/\" class=\"more-link style1-button\">Read More<\/a><\/p>\t\t\t\t\t\t<\/div>\n\t\t\t\t\t<\/div>\n\t\t\t\t\t\t\t\t<div class=\"post-bottom-details clearfix\"><nav class=\"post-nav meta-font secondary_text\">\n\t<ul class=\"clearfix\">\t\n\t\t<li class=\"post-meta post-category\">Under :<\/li>\n\t<\/ul>\n<\/nav><\/div>\n\t\t\t<\/div>\n\t\t\t<div class=\"clearfix\"><\/div>\n\t\t<\/div>\n\t<\/div>\n<\/article>\n\t\n<article id=\"post-767\" class=\"element not-wide blog-post clearfix post-767 post type-post status-publish format-image has-post-thumbnail hentry tag-aduanas-en tag-brexit-en post_format-post-format-image element not-wide\" style=\"margin-bottom: 40px !important;\">\n\t<div class=\"element-inner\" style=\"margin-left:40px\">\n\t\t<div class=\"post-content-wrap\">\n\t\t\t<div class=\"post-thumb\">\t\n\t<div class=\"\">        \t\n\t\t<a href=\"https:\/\/altaircl.com\/en\/are-you-ready-for-the-brexit-altair-is-ready\/\" class=\" thumb-wrap\">\n\t\t\t<img width=\"1000\" height=\"482\" src=\"https:\/\/altaircl.com\/wp-content\/uploads\/2021\/03\/brexit.png\" class=\"attachment-blog-image size-blog-image wp-post-image\" alt=\"salida del reino unido de la union europea\" loading=\"lazy\" srcset=\"https:\/\/altaircl.com\/wp-content\/uploads\/2021\/03\/brexit.png 1000w, https:\/\/altaircl.com\/wp-content\/uploads\/2021\/03\/brexit-300x145.png 300w, https:\/\/altaircl.com\/wp-content\/uploads\/2021\/03\/brexit-768x370.png 768w, https:\/\/altaircl.com\/wp-content\/uploads\/2021\/03\/brexit-104x50.png 104w, https:\/\/altaircl.com\/wp-content\/uploads\/2021\/03\/brexit-650x313.png 650w, https:\/\/altaircl.com\/wp-content\/uploads\/2021\/03\/brexit-50x24.png 50w\" sizes=\"(max-width: 1000px) 100vw, 1000px\" \/>\t\t\t<div class=\"thumb-overlay\">\n\t\t\t\t<div class=\"thumb-bg\">\n\t\t\t\t\t<div class=\"thumb-title fadeIn animated\">\n\t\t\t\t\t\t<i class=\"portfolio-ovelay-icon\"><\/i>\n\t\t\t\t\t<\/div>\n\t\t\t\t<\/div>\n\t\t\t<\/div>\n\t\t<\/a>\n\t<\/div>\t\t\t\n<\/div>\n\t\t\t<div class=\"article-details clearfix\">\n\t\t\t\t<header class=\"post-header clearfix\">\n\t\t\t\t\t<h2 class=\"post-title\"><a href=\"https:\/\/altaircl.com\/en\/are-you-ready-for-the-brexit-altair-is-ready\/\">Are you ready for the Brexit? Altair is ready<\/a><\/h2>\t\t\t\t<\/header>\n\t\t\t\t\t\t\t\t\t<div class=\"post-top-details clearfix\"><nav class=\"post-nav meta-font secondary_text\">\n\t<ul class=\"clearfix\">\n\t\t<li class=\"post-meta post-comments\">\n\t\t\t<a href=\"https:\/\/altaircl.com\/en\/are-you-ready-for-the-brexit-altair-is-ready\/#respond\">0  comments<\/a><span class=\"post-meta-sep\">\/<\/span>\n\t\t<\/li>\n\t\t<li class=\"post-meta\">8 March, 2021<\/li>\n\t<\/ul>\n<\/nav><\/div>\n\t\t\t\t\t<div class=\"post-details clearfix\">\n\t\t\t\t\t\t<div class=\"post-content clearfix\">\n\t\t\t\t\t\t\t<p>Estimados clientes: Como Vds. saben, desde el pasado 1 de enero de 2021, todas las importaciones y exportaciones entre la Uni\u00f3n Europea y el Reino Unido est\u00e1n sujetas a formalidades [&hellip;]<\/p>\n<p><a href=\"https:\/\/altaircl.com\/en\/are-you-ready-for-the-brexit-altair-is-ready\/\" class=\"more-link style1-button\">Read More<\/a><\/p>\t\t\t\t\t\t<\/div>\n\t\t\t\t\t<\/div>\n\t\t\t\t\t\t\t\t<div class=\"post-bottom-details clearfix\"><nav class=\"post-nav meta-font secondary_text\">\n\t<ul class=\"clearfix\">\t\n\t\t<li class=\"post-meta post-category\">Under :<\/li>\n\t<\/ul>\n<\/nav><\/div>\n\t\t\t<\/div>\n\t\t\t<div class=\"clearfix\"><\/div>\n\t\t<\/div>\n\t<\/div>\n<\/article>\n\t\n<article id=\"post-681\" class=\"element not-wide blog-post clearfix post-681 post type-post status-publish format-standard has-post-thumbnail hentry element not-wide\" style=\"margin-bottom: 40px !important;\">\n\t<div class=\"element-inner\" style=\"margin-left:40px\">\n\t\t<div class=\"post-content-wrap\">\n\t\t\t<div class=\"post-thumb\">\t\n\t<div class=\"\">        \t\n\t\t<a href=\"https:\/\/altaircl.com\/en\/aprobada-la-renovacion-del-aiem-hasta-2027-con-el-consenso-de-los-productores-agrarios-e-industriales-canarios\/\" class=\" thumb-wrap\">\n\t\t\t<img width=\"880\" height=\"495\" src=\"https:\/\/altaircl.com\/wp-content\/uploads\/2020\/09\/Productores-canarios.jpg\" class=\"attachment-blog-image size-blog-image wp-post-image\" alt=\"\" loading=\"lazy\" srcset=\"https:\/\/altaircl.com\/wp-content\/uploads\/2020\/09\/Productores-canarios.jpg 880w, https:\/\/altaircl.com\/wp-content\/uploads\/2020\/09\/Productores-canarios-300x169.jpg 300w, https:\/\/altaircl.com\/wp-content\/uploads\/2020\/09\/Productores-canarios-768x432.jpg 768w, https:\/\/altaircl.com\/wp-content\/uploads\/2020\/09\/Productores-canarios-89x50.jpg 89w, https:\/\/altaircl.com\/wp-content\/uploads\/2020\/09\/Productores-canarios-650x366.jpg 650w, https:\/\/altaircl.com\/wp-content\/uploads\/2020\/09\/Productores-canarios-50x28.jpg 50w\" sizes=\"(max-width: 880px) 100vw, 880px\" \/>\t\t\t<div class=\"thumb-overlay\">\n\t\t\t\t<div class=\"thumb-bg\">\n\t\t\t\t\t<div class=\"thumb-title fadeIn animated\">\n\t\t\t\t\t\t<i class=\"portfolio-ovelay-icon\"><\/i>\n\t\t\t\t\t<\/div>\n\t\t\t\t<\/div>\n\t\t\t<\/div>\n\t\t<\/a>\n\t<\/div>\t\t\t\n<\/div>\n\t\t\t<div class=\"article-details clearfix\">\n\t\t\t\t<header class=\"post-header clearfix\">\n\t\t\t\t\t<h2 class=\"post-title\"><a href=\"https:\/\/altaircl.com\/en\/aprobada-la-renovacion-del-aiem-hasta-2027-con-el-consenso-de-los-productores-agrarios-e-industriales-canarios\/\">Aprobada la renovaci\u00f3n del AIEM hasta 2027 con el consenso de los productores agrarios e industriales canarios<\/a><\/h2>\t\t\t\t<\/header>\n\t\t\t\t\t\t\t\t\t<div class=\"post-top-details clearfix\"><nav class=\"post-nav meta-font secondary_text\">\n\t<ul class=\"clearfix\">\n\t\t<li class=\"post-meta post-comments\">\n\t\t\t<a href=\"https:\/\/altaircl.com\/en\/aprobada-la-renovacion-del-aiem-hasta-2027-con-el-consenso-de-los-productores-agrarios-e-industriales-canarios\/#respond\">0  comments<\/a><span class=\"post-meta-sep\">\/<\/span>\n\t\t<\/li>\n\t\t<li class=\"post-meta\">7 January, 2021<\/li>\n\t<\/ul>\n<\/nav><\/div>\n\t\t\t\t\t<div class=\"post-details clearfix\">\n\t\t\t\t\t\t<div class=\"post-content clearfix\">\n\t\t\t\t\t\t\t<p>El Consejo de Gobierno de Canarias aprob\u00f3 hoy la propuesta de renovaci\u00f3n del Arbitrio sobre las Importaciones y Entrega de Mercanc\u00edas en Canarias (AIEM), un tributo estatal de aplicaci\u00f3n exclusiva [&hellip;]<\/p>\n<p><a href=\"https:\/\/altaircl.com\/en\/aprobada-la-renovacion-del-aiem-hasta-2027-con-el-consenso-de-los-productores-agrarios-e-industriales-canarios\/\" class=\"more-link style1-button\">Read More<\/a><\/p>\t\t\t\t\t\t<\/div>\n\t\t\t\t\t<\/div>\n\t\t\t\t\t\t\t\t<div class=\"post-bottom-details clearfix\"><nav class=\"post-nav meta-font secondary_text\">\n\t<ul class=\"clearfix\">\t\n\t\t<li class=\"post-meta post-category\">Under :<\/li>\n\t<\/ul>\n<\/nav><\/div>\n\t\t\t<\/div>\n\t\t\t<div class=\"clearfix\"><\/div>\n\t\t<\/div>\n\t<\/div>\n<\/article>\n\t\n<article id=\"post-678\" class=\"element not-wide blog-post clearfix post-678 post type-post status-publish format-standard has-post-thumbnail hentry element not-wide\" style=\"margin-bottom: 40px !important;\">\n\t<div class=\"element-inner\" style=\"margin-left:40px\">\n\t\t<div class=\"post-content-wrap\">\n\t\t\t<div class=\"post-thumb\">\t\n\t<div class=\"\">        \t\n\t\t<a href=\"https:\/\/altaircl.com\/en\/vigilancia-dovi-en-las-importaciones-de-productos-siderurgico\/\" class=\" thumb-wrap\">\n\t\t\t<img width=\"600\" height=\"400\" src=\"https:\/\/altaircl.com\/wp-content\/uploads\/2020\/10\/DOVI-Documento-de-Vigilancia.jpg\" class=\"attachment-blog-image size-blog-image wp-post-image\" alt=\"\" loading=\"lazy\" srcset=\"https:\/\/altaircl.com\/wp-content\/uploads\/2020\/10\/DOVI-Documento-de-Vigilancia.jpg 600w, https:\/\/altaircl.com\/wp-content\/uploads\/2020\/10\/DOVI-Documento-de-Vigilancia-300x200.jpg 300w, https:\/\/altaircl.com\/wp-content\/uploads\/2020\/10\/DOVI-Documento-de-Vigilancia-75x50.jpg 75w, https:\/\/altaircl.com\/wp-content\/uploads\/2020\/10\/DOVI-Documento-de-Vigilancia-50x33.jpg 50w\" sizes=\"(max-width: 600px) 100vw, 600px\" \/>\t\t\t<div class=\"thumb-overlay\">\n\t\t\t\t<div class=\"thumb-bg\">\n\t\t\t\t\t<div class=\"thumb-title fadeIn animated\">\n\t\t\t\t\t\t<i class=\"portfolio-ovelay-icon\"><\/i>\n\t\t\t\t\t<\/div>\n\t\t\t\t<\/div>\n\t\t\t<\/div>\n\t\t<\/a>\n\t<\/div>\t\t\t\n<\/div>\n\t\t\t<div class=\"article-details clearfix\">\n\t\t\t\t<header class=\"post-header clearfix\">\n\t\t\t\t\t<h2 class=\"post-title\"><a href=\"https:\/\/altaircl.com\/en\/vigilancia-dovi-en-las-importaciones-de-productos-siderurgico\/\">Vigilancia (DOVI) en las importaciones de productos sider\u00fargico<\/a><\/h2>\t\t\t\t<\/header>\n\t\t\t\t\t\t\t\t\t<div class=\"post-top-details clearfix\"><nav class=\"post-nav meta-font secondary_text\">\n\t<ul class=\"clearfix\">\n\t\t<li class=\"post-meta post-comments\">\n\t\t\t<a href=\"https:\/\/altaircl.com\/en\/vigilancia-dovi-en-las-importaciones-de-productos-siderurgico\/#respond\">0  comments<\/a><span class=\"post-meta-sep\">\/<\/span>\n\t\t<\/li>\n\t\t<li class=\"post-meta\">7 January, 2021<\/li>\n\t<\/ul>\n<\/nav><\/div>\n\t\t\t\t\t<div class=\"post-details clearfix\">\n\t\t\t\t\t\t<div class=\"post-content clearfix\">\n\t\t\t\t\t\t\t<p>Estimados clientes, Ponemos en su conocimiento que, desde el pasado d\u00eda 16 de mayo de 2020, el despacho a libre pr\u00e1ctica de productos sider\u00fargicos ya no requerir\u00e1 la presentaci\u00f3n del [&hellip;]<\/p>\n<p><a href=\"https:\/\/altaircl.com\/en\/vigilancia-dovi-en-las-importaciones-de-productos-siderurgico\/\" class=\"more-link style1-button\">Read More<\/a><\/p>\t\t\t\t\t\t<\/div>\n\t\t\t\t\t<\/div>\n\t\t\t\t\t\t\t\t<div class=\"post-bottom-details clearfix\"><nav class=\"post-nav meta-font secondary_text\">\n\t<ul class=\"clearfix\">\t\n\t\t<li class=\"post-meta post-category\">Under :<\/li>\n\t<\/ul>\n<\/nav><\/div>\n\t\t\t<\/div>\n\t\t\t<div class=\"clearfix\"><\/div>\n\t\t<\/div>\n\t<\/div>\n<\/article>\n\t\n<article id=\"post-661\" class=\"element not-wide blog-post clearfix post-661 post type-post status-publish format-standard has-post-thumbnail hentry category-news element not-wide\" style=\"margin-bottom: 40px !important;\">\n\t<div class=\"element-inner\" style=\"margin-left:40px\">\n\t\t<div class=\"post-content-wrap\">\n\t\t\t<div class=\"post-thumb\">\t\n\t<div class=\"\">        \t\n\t\t<a href=\"https:\/\/altaircl.com\/en\/altair-opera-3-charter-con-mas-de-500-m3-de-material-sanitario\/\" class=\" thumb-wrap\">\n\t\t\t<img width=\"800\" height=\"450\" src=\"https:\/\/altaircl.com\/wp-content\/uploads\/2020\/10\/Charter.jpg\" class=\"attachment-blog-image size-blog-image wp-post-image\" alt=\"\" loading=\"lazy\" srcset=\"https:\/\/altaircl.com\/wp-content\/uploads\/2020\/10\/Charter.jpg 800w, https:\/\/altaircl.com\/wp-content\/uploads\/2020\/10\/Charter-300x169.jpg 300w, https:\/\/altaircl.com\/wp-content\/uploads\/2020\/10\/Charter-768x432.jpg 768w, https:\/\/altaircl.com\/wp-content\/uploads\/2020\/10\/Charter-89x50.jpg 89w, https:\/\/altaircl.com\/wp-content\/uploads\/2020\/10\/Charter-650x366.jpg 650w, https:\/\/altaircl.com\/wp-content\/uploads\/2020\/10\/Charter-50x28.jpg 50w\" sizes=\"(max-width: 800px) 100vw, 800px\" \/>\t\t\t<div class=\"thumb-overlay\">\n\t\t\t\t<div class=\"thumb-bg\">\n\t\t\t\t\t<div class=\"thumb-title fadeIn animated\">\n\t\t\t\t\t\t<i class=\"portfolio-ovelay-icon\"><\/i>\n\t\t\t\t\t<\/div>\n\t\t\t\t<\/div>\n\t\t\t<\/div>\n\t\t<\/a>\n\t<\/div>\t\t\t\n<\/div>\n\t\t\t<div class=\"article-details clearfix\">\n\t\t\t\t<header class=\"post-header clearfix\">\n\t\t\t\t\t<h2 class=\"post-title\"><a href=\"https:\/\/altaircl.com\/en\/altair-opera-3-charter-con-mas-de-500-m3-de-material-sanitario\/\">Altair opera 3 ch\u00e1rter con mas de 500 m3 de material sanitario<\/a><\/h2>\t\t\t\t<\/header>\n\t\t\t\t\t\t\t\t\t<div class=\"post-top-details clearfix\"><nav class=\"post-nav meta-font secondary_text\">\n\t<ul class=\"clearfix\">\n\t\t<li class=\"post-meta post-comments\">\n\t\t\t<a href=\"https:\/\/altaircl.com\/en\/altair-opera-3-charter-con-mas-de-500-m3-de-material-sanitario\/#respond\">0  comments<\/a><span class=\"post-meta-sep\">\/<\/span>\n\t\t<\/li>\n\t\t<li class=\"post-meta\">7 January, 2021<\/li>\n\t<\/ul>\n<\/nav><\/div>\n\t\t\t\t\t<div class=\"post-details clearfix\">\n\t\t\t\t\t\t<div class=\"post-content clearfix\">\n\t\t\t\t\t\t\t<p>Desde el comienzo de la crisis del\u00a0Covid-19\u00a0Altair Consultores Logisticos ha fletado vuelos ch\u00e1rter,\u00a0transportando m\u00e1s de 500m3 de material sanitario. Con la organizaci\u00f3n de estos vuelos ch\u00e1rter, apoyamos a nuestros clientes [&hellip;]<\/p>\n<p><a href=\"https:\/\/altaircl.com\/en\/altair-opera-3-charter-con-mas-de-500-m3-de-material-sanitario\/\" class=\"more-link style1-button\">Read More<\/a><\/p>\t\t\t\t\t\t<\/div>\n\t\t\t\t\t<\/div>\n\t\t\t\t\t\t\t\t<div class=\"post-bottom-details clearfix\"><nav class=\"post-nav meta-font secondary_text\">\n\t<ul class=\"clearfix\">\t\n\t\t<li class=\"post-meta post-category\">Under :<a href=\"https:\/\/altaircl.com\/en\/category\/news\/\" style= \"color: ;\" data-background-color = \"\" title=\"View all posts in News\"> News<\/a><\/li>\n\t<\/ul>\n<\/nav><\/div>\n\t\t\t<\/div>\n\t\t\t<div class=\"clearfix\"><\/div>\n\t\t<\/div>\n\t<\/div>\n<\/article>\n<\/div><\/div><\/div><\/div><\/div><div class = \"tatsu-column-bg-image-wrap\"><div class = \"tatsu-column-bg-image\" ><\/div><\/div><\/div><style>.tatsu-row > .tatsu-B1Rpvir5V.tatsu-column{width: 75%;}.tatsu-B1Rpvir5V.tatsu-column > .tatsu-column-inner > .tatsu-column-overlay{mix-blend-mode: none;}.tatsu-B1Rpvir5V > .tatsu-column-inner > .tatsu-top-divider{z-index: 9999;}.tatsu-B1Rpvir5V > .tatsu-column-inner > .tatsu-bottom-divider{z-index: 9999;}.tatsu-B1Rpvir5V > .tatsu-column-inner > .tatsu-left-divider{z-index: 9999;}.tatsu-B1Rpvir5V > .tatsu-column-inner > .tatsu-right-divider{z-index: 9999;}@media only screen and (max-width:1377px) {.tatsu-row > .tatsu-B1Rpvir5V.tatsu-column{width: 75%;}}@media only screen and (min-width:768px) and (max-width: 1024px) {.tatsu-row > .tatsu-B1Rpvir5V.tatsu-column{width: 75%;}}@media only screen and (max-width: 767px) {.tatsu-row > .tatsu-B1Rpvir5V.tatsu-column{width: 100%;}}<\/style><\/div><div  class=\"tatsu-column  tatsu-one-fourth tatsu-column-image-none tatsu-column-effect-none  tatsu-r1lRaPsr5E\"  data-parallax-speed=\"0\" style=\"\"><div class=\"tatsu-column-inner \" ><div class=\"tatsu-column-pad-wrap\"><div class=\"tatsu-column-pad\" ><div  class=\"tatsu-module tatsu-sidebar tatsu-rkPELsHqV   \"  ><div class=\"widget_search widget\"><h6>Search<\/h6><form role=\"search\" method=\"get\" class=\"searchform\" action=\"https:\/\/altaircl.com\/en\/\" >\n\t    <input type=\"text\" placeholder=\"Search ...\" value=\"\" name=\"s\" class=\"s\" \/>\n\t    <i class=\"search-icon icon-search font-icon\"><\/i>\n\t    <input type=\"submit\" class=\"search-submit\" value=\"\" \/>\n\t    <\/form><\/div><\/div><\/div><\/div><div class = \"tatsu-column-bg-image-wrap\"><div class = \"tatsu-column-bg-image\" ><\/div><\/div><\/div><style>.tatsu-row > .tatsu-r1lRaPsr5E.tatsu-column{width: 25%;}.tatsu-r1lRaPsr5E.tatsu-column > .tatsu-column-inner{background-color: rgba(255,255,255,0.77);}.tatsu-r1lRaPsr5E.tatsu-column > .tatsu-column-inner > .tatsu-column-pad-wrap > .tatsu-column-pad{padding: 20px 20px 20px 20px;}.tatsu-r1lRaPsr5E.tatsu-column > .tatsu-column-inner > .tatsu-column-overlay{mix-blend-mode: none;}.tatsu-r1lRaPsr5E > .tatsu-column-inner > .tatsu-top-divider{z-index: 9999;}.tatsu-r1lRaPsr5E > .tatsu-column-inner > .tatsu-bottom-divider{z-index: 9999;}.tatsu-r1lRaPsr5E > .tatsu-column-inner > .tatsu-left-divider{z-index: 9999;}.tatsu-r1lRaPsr5E > .tatsu-column-inner > .tatsu-right-divider{z-index: 9999;}@media only screen and (max-width:1377px) {.tatsu-row > .tatsu-r1lRaPsr5E.tatsu-column{width: 25%;}}@media only screen and (min-width:768px) and (max-width: 1024px) {.tatsu-row > .tatsu-r1lRaPsr5E.tatsu-column{width: 25%;}}@media only screen and (max-width: 767px) {.tatsu-row > .tatsu-r1lRaPsr5E.tatsu-column{width: 100%;}}<\/style><\/div><\/div><\/div><\/div><div class=\"tatsu-section-background-wrap\"><div class = \"tatsu-section-background\" ><\/div><\/div><div class=\"tatsu-overlay tatsu-section-overlay\"><\/div><style>.tatsu-HkWnxIsHcN.tatsu-section{background-color: rgba(244,244,244,1);}.tatsu-HkWnxIsHcN .tatsu-section-pad{padding: 30px 30px 30px 30px;}.tatsu-HkWnxIsHcN > .tatsu-bottom-divider{z-index: 9999;}.tatsu-HkWnxIsHcN > .tatsu-top-divider{z-index: 9999;}.tatsu-HkWnxIsHcN .tatsu-section-overlay{mix-blend-mode: screen;}<\/style><\/div>\n","protected":false},"excerpt":{"rendered":"<p><a href=\"https:\/\/altaircl.com\/en\/altair-opera-3-charter-con-mas-de-500-m3-de-material-sanitario\/\" class=\"more-link style1-button\">Read More<\/a><\/p>","protected":false},"author":1,"featured_media":0,"parent":0,"menu_order":0,"comment_status":"closed","ping_status":"closed","template":"","meta":[],"_links":{"self":[{"href":"https:\/\/altaircl.com\/en\/wp-json\/wp\/v2\/pages\/641"}],"collection":[{"href":"https:\/\/altaircl.com\/en\/wp-json\/wp\/v2\/pages"}],"about":[{"href":"https:\/\/altaircl.com\/en\/wp-json\/wp\/v2\/types\/page"}],"author":[{"embeddable":true,"href":"https:\/\/altaircl.com\/en\/wp-json\/wp\/v2\/users\/1"}],"replies":[{"embeddable":true,"href":"https:\/\/altaircl.com\/en\/wp-json\/wp\/v2\/comments?post=641"}],"version-history":[{"count":4,"href":"https:\/\/altaircl.com\/en\/wp-json\/wp\/v2\/pages\/641\/revisions"}],"predecessor-version":[{"id":833,"href":"https:\/\/altaircl.com\/en\/wp-json\/wp\/v2\/pages\/641\/revisions\/833"}],"wp:attachment":[{"href":"https:\/\/altaircl.com\/en\/wp-json\/wp\/v2\/media?parent=641"}],"curies":[{"name":"wp","href":"https:\/\/api.w.org\/{rel}","templated":true}]}}